{"id":1052,"date":"2014-02-14T07:38:28","date_gmt":"2014-02-14T07:38:28","guid":{"rendered":"http:\/\/www.olidemallorca.es\/denominacio-de-origen-2\/"},"modified":"2025-04-23T06:16:41","modified_gmt":"2025-04-23T06:16:41","slug":"herkunftsbezeichnung","status":"publish","type":"page","link":"https:\/\/www.olidemallorca.es\/de\/herkunftsbezeichnung\/","title":{"rendered":"Herkunftsbezeichnung"},"content":{"rendered":"<p><img loading=\"lazy\" decoding=\"async\" class=\"alignright size-full wp-image-728\" src=\"https:\/\/www.olidemallorca.es\/wp-content\/uploads\/2014\/02\/do.jpg\" alt=\"do\" width=\"440\" height=\"283\" srcset=\"https:\/\/www.olidemallorca.es\/wp-content\/uploads\/2014\/02\/do.jpg 440w, https:\/\/www.olidemallorca.es\/wp-content\/uploads\/2014\/02\/do-300x192.jpg 300w\" sizes=\"(max-width: 440px) 100vw, 440px\" \/>Das auf Mallorca erzeugte Oliven\u00f6l ist seit dem Jahr 2002(<a href=\"https:\/\/www.olidemallorca.es\/wp-content\/uploads\/2014\/02\/reglamento2002.pdf\" target=\"_blank\" rel=\"noopener\">PDF<\/a>) mit der entsprechenden Herkunftsbezeichnung (&#8218;Denominaci\u00f3n de Origen&#8216;) ausgestattet, die ihm gem\u00e4\u00df den Regelungen der Europ\u00e4ischen Union zusteht, da es sich um ein ortsgebundenes landwirtschaftliches Lebensmittelprodukt handelt, dessen Qualit\u00e4t und Eigenschaften haupts\u00e4chlich auf die naturgegebenen und menschlichen Faktoren seines geographischen  Entstehungsgebietes zur\u00fcckzuf\u00fchren sind. S\u00e4mtliche Prozesse im Zusammenhang mit der Produktion, Be- und Verarbeitung werden in ein und demselben klar abgegrenzten geographischen Gebiet durchgef\u00fchrt und da s\u00e4mtliche im Zusammenhang mit der Herkunftsbezeichnung bestehenden Anforderungen erf\u00fcllt sind, wurde dem mallorquinischen Oliven\u00f6l diese renommierte Auszeichnung verliehen.  <\/p>\n<p>Das durch die Herkunftsbezeichnung gesch\u00fctzte Oliven\u00f6l aus Mallorca kommt abgef\u00fcllt und versiegelt in den Handel. Seine Qualit\u00e4t ist durch das G\u00fctesiegel des Regulierungsrates f\u00fcr Herkunftsbezeichnungen gew\u00e4hrleistet. Auf den von den Herstellerfirmen verwendeten Produktetiketten wird auch die Registernummer genannt, unter der die Herkunftsbezeichnung eingetragen wurde.  <\/p>\n","protected":false},"excerpt":{"rendered":"<p>Das auf Mallorca erzeugte Oliven\u00f6l ist seit dem Jahr 2002(PDF) mit der entsprechenden Herkunftsbezeichnung (&#8218;Denominaci\u00f3n de Origen&#8216;) ausgestattet, die ihm gem\u00e4\u00df den Regelungen der Europ\u00e4ischen Union zusteht, da es sich um ein ortsgebundenes landwirtschaftliches Lebensmittelprodukt handelt, dessen Qualit\u00e4t und Eigenschaften haupts\u00e4chlich auf die naturgegebenen und menschlichen Faktoren seines geographischen Entstehungsgebietes zur\u00fcckzuf\u00fchren sind. S\u00e4mtliche Prozesse im [&hellip;]<\/p>\n","protected":false},"author":1,"featured_media":0,"parent":0,"menu_order":0,"comment_status":"closed","ping_status":"closed","template":"","meta":{"_acf_changed":false,"footnotes":""},"class_list":["post-1052","page","type-page","status-publish","hentry"],"acf":[],"_links":{"self":[{"href":"https:\/\/www.olidemallorca.es\/de\/wp-json\/wp\/v2\/pages\/1052"}],"collection":[{"href":"https:\/\/www.olidemallorca.es\/de\/wp-json\/wp\/v2\/pages"}],"about":[{"href":"https:\/\/www.olidemallorca.es\/de\/wp-json\/wp\/v2\/types\/page"}],"author":[{"embeddable":true,"href":"https:\/\/www.olidemallorca.es\/de\/wp-json\/wp\/v2\/users\/1"}],"replies":[{"embeddable":true,"href":"https:\/\/www.olidemallorca.es\/de\/wp-json\/wp\/v2\/comments?post=1052"}],"version-history":[{"count":5,"href":"https:\/\/www.olidemallorca.es\/de\/wp-json\/wp\/v2\/pages\/1052\/revisions"}],"predecessor-version":[{"id":12372,"href":"https:\/\/www.olidemallorca.es\/de\/wp-json\/wp\/v2\/pages\/1052\/revisions\/12372"}],"wp:attachment":[{"href":"https:\/\/www.olidemallorca.es\/de\/wp-json\/wp\/v2\/media?parent=1052"}],"curies":[{"name":"wp","href":"https:\/\/api.w.org\/{rel}","templated":true}]}}